{"id":785,"date":"2018-10-15T09:29:09","date_gmt":"2018-10-15T07:29:09","guid":{"rendered":"http:\/\/kvs-law.de\/?page_id=785"},"modified":"2019-05-03T12:03:59","modified_gmt":"2019-05-03T10:03:59","slug":"oeffentliches-recht","status":"publish","type":"page","link":"https:\/\/www.kruhlvonstrenge.de\/en\/rechtsgebiete\/oeffentliches-recht\/","title":{"rendered":"\u00d6ffentliches Recht"},"content":{"rendered":"<div      class=\"vc_row wpb_row section vc_row-fluid \" style=' text-align:left;'><div class=\" full_section_inner clearfix\"><div class=\"wpb_column vc_column_container vc_col-sm-12\"><div class=\"vc_column-inner\"><div class=\"wpb_wrapper\">\n\t<div class=\"wpb_single_image wpb_content_element vc_align_left  vc_custom_1556877838139\">\n\t\t<div class=\"wpb_wrapper\">\n\t\t\t\n\t\t\t<div class=\"vc_single_image-wrapper   vc_box_border_grey\"><img width=\"4000\" height=\"744\" src=\"https:\/\/www.kruhlvonstrenge.de\/wp-content\/uploads\/2019\/05\/kruhl-von-strenge-header-OeffentlichesRecht.jpg\" class=\"vc_single_image-img attachment-full\" alt=\"\" loading=\"lazy\" title=\"kruhl-von-strenge-header-OeffentlichesRecht\" srcset=\"https:\/\/www.kruhlvonstrenge.de\/wp-content\/uploads\/2019\/05\/kruhl-von-strenge-header-OeffentlichesRecht.jpg 4000w, https:\/\/www.kruhlvonstrenge.de\/wp-content\/uploads\/2019\/05\/kruhl-von-strenge-header-OeffentlichesRecht-300x56.jpg 300w, https:\/\/www.kruhlvonstrenge.de\/wp-content\/uploads\/2019\/05\/kruhl-von-strenge-header-OeffentlichesRecht-768x143.jpg 768w, https:\/\/www.kruhlvonstrenge.de\/wp-content\/uploads\/2019\/05\/kruhl-von-strenge-header-OeffentlichesRecht-1024x190.jpg 1024w, https:\/\/www.kruhlvonstrenge.de\/wp-content\/uploads\/2019\/05\/kruhl-von-strenge-header-OeffentlichesRecht-700x130.jpg 700w\" sizes=\"(max-width: 4000px) 100vw, 4000px\" \/><\/div>\n\t\t<\/div>\n\t<\/div>\n<div class=\"separator  transparent   \" style=\"margin-top: 80pxpx;\"><\/div>\n<\/div><\/div><\/div><\/div><\/div><div      class=\"vc_row wpb_row section vc_row-fluid  vc_custom_1539609177536 grid_section\" style=' text-align:left;'><div class=\" section_inner clearfix\"><div class='section_inner_margin clearfix'><div class=\"wpb_column vc_column_container vc_col-sm-4\"><div class=\"vc_column-inner\"><div class=\"wpb_wrapper\">\n\t<div class=\"wpb_text_column wpb_content_element \">\n\t\t<div class=\"wpb_wrapper\">\n\t\t\t<h1>\u00d6FFENTLICHES RECHT<\/h1>\n\n\t\t<\/div> \n\t<\/div> <div class=\"separator  transparent   \" style=\"margin-top: 20pxpx;\"><\/div>\n<\/div><\/div><\/div><div class=\"wpb_column vc_column_container vc_col-sm-8\"><div class=\"vc_column-inner\"><div class=\"wpb_wrapper\">\n\t<div class=\"wpb_text_column wpb_content_element  vc_custom_1531125106657\">\n\t\t<div class=\"wpb_wrapper\">\n\t\t\t<p>Kruhl von Strenge ber\u00e4t Unternehmen und die \u00f6ffentliche Hand umfassend im \u00f6ffentlichen Wirtschaftsrecht.\u00a0Wir beraten h\u00e4ufig in komplexen Projekten und Transaktionen. Dabei stehen die wirtschaftlichen Ziele unserer Mandanten f\u00fcr uns im Mittelpunkt.\u00a0Wir verbinden herausragendes juristisches Fachwissen, langj\u00e4hrige Beratungserfahrung und ein gutes Verst\u00e4ndnis f\u00fcr die wirtschaftlichen Zusammenh\u00e4nge.<\/p>\n\n\t\t<\/div> \n\t<\/div> <div class=\"separator  transparent   \" style=\"margin-top: 10px;\"><\/div>\n\n\t<div class=\"wpb_text_column wpb_content_element \">\n\t\t<div class=\"wpb_wrapper\">\n\t\t\t\t\t<style>\r\n\t#wps_accordion_pro_1204{\r\n\t\toverflow:hidden;\r\n\t\tdisplay:block;\r\n\t\twidth:100%;\r\n\t\tmargin-bottom:30px;\r\n\t}\r\n\t#accordion_pro_1204 .wpsm_panel-title {\r\n\t\tmargin-top: 0px !important;\r\n\t\tmargin-bottom: 0px !important;\r\n\t\tpadding-top: 0px !important;\r\n\t\tpadding-bottom: 0px !important;\r\n\t}\r\n\t\r\n\t#accordion_pro_1204 .wpsm_panel-title > a{\r\n\t\t\r\n\t\tborder-bottom: 0px !important;\r\n\t\ttext-decoration:none !important;\r\n\t\toutline: none !important;\r\n\t\tbox-shadow:none !important;\r\n\t}\r\n\t#accordion_pro_1204 .ac_title_icon{\r\n\t\tmargin-right:8px;\r\n\t\t\t\tdisplay:none;\r\n\t\t\t\t\r\n\t}\r\n\t\r\n\t\r\n\t\/* css files *\/\r\n\t#accordion_pro_1204 a:hover, #accordion_pro_1204 a:focus{\r\n    outline: none !important;\r\n    text-decoration: none !important;\r\n}\r\n#accordion_pro_1204 .wpsm_panel{\r\n   \tborder: 0px !important;\r\n\t    border-radius: 0px !important;\r\n    box-shadow: none !important;\r\n    margin-bottom: 3px !important;\r\n}\r\n#accordion_pro_1204 .wpsm_panel-heading{\r\n    padding: 0 !important;\r\n    border-radius: 0px !important;\r\n    \r\n}\r\n#accordion_pro_1204 .wpsm_panel-title > a{\r\n    display: block !important;\r\n\t    padding: 15px 15px 15px 50px !important;\r\n\t    position: relative !important;\r\n\ttransition:0.4s ease !important;\r\n    color:#000000 !important;\r\n    background:#ededed !important;\r\n\tfont-size: 15px !important;\r\n\tbox-shadow:none !important;\r\n\tline-height:1.5 !important;\r\n\tfont-weight:700 !important;\r\n}\r\n#accordion_pro_1204 .wpsm_panel-title > a > i{\r\n\tcolor:#000000 !important;\r\n}\r\n#accordion_pro_1204 .wpsm_panel-title > a > .ac_title_img_icon{\r\n    \twidth: 15px !important;\r\n\theight: 15px !important;\r\n\tvertical-align: middle !important;\r\n\tmargin-left: 0 !important;\r\n\tmargin-top: 0 !important;\r\n\tmargin-bottom: 0 !important;\r\n}\r\n\r\n#accordion_pro_1204 .wpsm_panel-title > a.collapsed{\r\n    background: #ededed !important;\r\n\tcolor: #000000 !important;\r\n}\r\n#accordion_pro_1204 .wpsm_panel-title > a.collapsed > i{\r\n    color: #000000 !important;\r\n}\r\n#accordion_pro_1204 .wpsm_panel-title > a:hover{\r\n   color:#000000 !important;\r\n    background:#ededed !important;\r\n}\r\n#accordion_pro_1204 .wpsm_panel-title > a:hover i{\r\n   color:#000000 !important;\r\n}\r\n#accordion_pro_1204 .wpsm_panel-title > a:after,\r\n#accordion_pro_1204 .wpsm_panel-title > a.collapsed:after{\r\n    content: \"\\f106\" !important;\r\n    font-family: FontAwesome !important;\r\n    color: #000000 !important;\r\n    font-size: 15px !important;\r\n    position: absolute !important;\r\n    top:calc(50% - 25px) !important;\r\n    left:0px !important;\r\n    padding: 14.5px !important;\r\n    line-height:16px !important;\r\n}\r\n#accordion_pro_1204 .wpsm_panel-title > a.collapsed:after{\r\n    content: \"\\f107\" !important;\r\n    color:#000000 !important;\r\n   transition: 0.4s ease !important;\r\n}\r\n#accordion_pro_1204 .wpsm_panel-title > a.collapsed:hover:after{\r\n    color:#000000 !important;\r\n}\r\n#accordion_pro_1204 .wpsm_panel-body{\r\n\tbackground:[AC_PRO id=1204] !important;\r\n\tcolor:#000000 !important;\r\n\tfont-size:15px !important;\r\n\tline-height: 25px !important;\r\n    \r\n    border-top: 1px solid #cccccc !important;\r\n}\r\n\r\n#accordion_pro_1204 .wpsm_panel-body p{\r\n\tcolor:#000000 !important;\r\n\tfont-size:15px !important;\r\n\tline-height: 25px !important;\r\n}\r\n\r\n\r\n\r\n\t\t#accordion_pro_1204 .wpsm_panel-title a, #accordion_pro_1204 .wpsm_panel-title a:hover, #accordion_pro_1204 .wpsm_panel-title a.collapsed, #accordion_pro_1204 .wpsm_panel-title a.collapsed:hover {\r\n\t\t\tbackground-image: none !important;\r\n\t\t}\r\n\t\t\t\r\n\t\/* open close icon option *\/\r\n\t\t\r\n\t#accordion_pro_1204 .wpsm_panel {\r\n\t\tbackground-color:transparent !important;\r\n\t\t\t\t\tmargin-bottom:10px !important;\r\n\t\t\t\tmargin-top:0px !important;\r\n\t}\r\n\t#accordion_pro_1204 .collapsing {\r\n\t\ttransition: height 0.6s;\r\n\t}\r\n\t#accordion_pro_1204 .wpsm_panel-body_inner{\r\n\t\toverflow:hidden;\r\n\t\tdisplay:block;\r\n\t\t\r\n\t}\r\n\t\r\n\t\t#accordion_pro_1204 .wpsm_panel-body{\r\n\t\tfont-family:Arial !important;\r\n\t}\r\n\t#accordion_pro_1204 .wpsm_panel-title a{\r\n\t\tfont-family:Arial !important;\r\n\t}\r\n\t\t\t\r\n\t\t\r\n\t#accordion_pro_1204 .wpsm_panel-title > a{ display: block !important; padding: 10px 10px 10px 50px !important; position: relative !important; transition:0.4s ease !important; color:#000000 !important; background:#ededed !important; font-size: 15px !important; box-shadow:none !important; line-height:1.5 !important; font-weight:700 !important; } #accordion_pro_1204 .wpsm_panel { background-color:transparent !important; margin-bottom:2px !important; margin-top:0px !important; }\t\r\n\t<\/style>\r\n\t<div id=\"wps_accordion_pro_1204\">\r\n\t\t<div class=\"wpsm_panel-group\" id=\"accordion_pro_1204\" role=\"tablist\" aria-multiselectable=\"true\">\r\n\t\t\t\t\t<div class=\"wpsm_panel panel wpsm_panel-default\" id=\"offset_1204_1\">\r\n\t\t\t\t\t<div class=\"wpsm_panel-heading\" role=\"tab\" id=\"heading_1204_1\">\r\n\t\t\t\t\t\t<h4 class=\"wpsm_panel-title\">\r\n\t\t\t\t\t\t\t<a  role=\"button\" class=collapsed data-toggle=\"collapse\" data-parent=\"#accordion_pro_1204\" href=\"#collapse_1204_1\" aria-expanded=\"true\" aria-controls=\"collapse_1204_1\">\r\n\t\t\t\t\t\t\t\t\t\t\t\t\t\t\t\t\t\t\t\t\t\t\t\t\u00d6ffentliches Baurecht\t\t\t\t\t\t\t\t\r\n\t\t\t\t\t\t\t<\/a>\r\n\t\t\t\t\t\t<\/h4>\r\n\t\t\t\t\t<\/div>\r\n\t\t\t\t\t<div id=\"collapse_1204_1\" class=\"wpsm_panel-collapse collapse \" role=\"tabwpsm_panel\" aria-labelledby=\"heading_1204_1\">\r\n\t\t\t\t\t\t<div class=\"wpsm_panel-body\">\r\n\t\t\t\t\t\t\t<div id=\"#wpsm_acc_desc_1204_1\" class=\"wpsm_panel-body_inner \"><p>Kruhl von Strenge ber\u00e4t zu allen \u00f6ffentlich-rechtlichen Aspekten von Bauvorhaben. H\u00e4ufig begleiten wir Projektentwicklungen und Transaktionen. Dabei stehen die Baurechtsschaffung und die Absicherung der \u00f6ffentlich-rechtlichen Anforderungen an Bauvorhaben im Mittelpunkt unserer Arbeit. Neben dem Bauplanungsrecht und dem Genehmigungsverfahren umfasst unsere \u00f6ffentlich-rechtliche Expertise Fragen der Erschlie\u00dfung, Altlasten und Kampfmittel, Denkmalschutz, besonderes St\u00e4dtebaurecht sowie Wasser- und Naturschutzrecht. Wir beraten unsere Mandanten im \u00f6ffentlichen Baurecht zudem beim Abschluss von st\u00e4dtebaulichen Vertr\u00e4gen und Nachbarschaftsvereinbarungen sowie in streitigen Verfahren vor Verwaltungs- und Zivilgerichten.<\/p>\r\n<p> <br \/><\/p>\r\n<p>Sektoren: <span style=\"color: #0000ee;\"><span style=\"caret-color: #0000ee;\"><a href=\"\/sektoren\/immobilienwirtschaft\/\">IMMOBILIENWIRTSCHAFT<\/a>,<a href=\"\/sektoren\/industrie\/\"> INDUSTRIE<\/a>,<a href=\"\/sektoren\/energie\/\"> ENERGIE<\/a><\/span><\/span><\/p>\t\t\t\t\t\t\t<\/div>\r\n\t\t\t\t\t\t\t   \r\n\t\t\t\t\t\t<\/div>\r\n\t\t\t\t\t<\/div>\r\n\t\t\t\t\t\t\t\t\t\t\t\r\n\t\t\t\t<\/div>\r\n\t\t\t\t\t\t\t<div class=\"wpsm_panel panel wpsm_panel-default\" id=\"offset_1204_2\">\r\n\t\t\t\t\t<div class=\"wpsm_panel-heading\" role=\"tab\" id=\"heading_1204_2\">\r\n\t\t\t\t\t\t<h4 class=\"wpsm_panel-title\">\r\n\t\t\t\t\t\t\t<a  role=\"button\" class=collapsed data-toggle=\"collapse\" data-parent=\"#accordion_pro_1204\" href=\"#collapse_1204_2\" aria-expanded=\"true\" aria-controls=\"collapse_1204_2\">\r\n\t\t\t\t\t\t\t\t\t\t\t\t\t\t\t\t\t\t\t\t\t\t\t\tUmweltrecht\t\t\t\t\t\t\t\t\r\n\t\t\t\t\t\t\t<\/a>\r\n\t\t\t\t\t\t<\/h4>\r\n\t\t\t\t\t<\/div>\r\n\t\t\t\t\t<div id=\"collapse_1204_2\" class=\"wpsm_panel-collapse collapse \" role=\"tabwpsm_panel\" aria-labelledby=\"heading_1204_2\">\r\n\t\t\t\t\t\t<div class=\"wpsm_panel-body\">\r\n\t\t\t\t\t\t\t<div id=\"#wpsm_acc_desc_1204_2\" class=\"wpsm_panel-body_inner \"><p>Im Umweltrecht beraten wir Unternehmen und die \u00f6ffentliche Hand zu allen wirtschaftlich relevanten umweltrechtlichen Fragestellungen, einschlie\u00dflich zu den folgenden Bereichen:<br \/>\u2022 Genehmigungsverfahren nach BImSchG<br \/>\u2022 Altlasten, Wasser- und Bodenverunreinigungen<br \/>\u2022 Chemikalien und Gefahrstoffe, insbesondere nach REACH und CLP<br \/>\u2022 Natur- und Artenschutz<br \/>\u2022 Wasserrecht<br \/>\u2022 Abfall- und Verpackungsrecht<br \/>\u2022 Wald- und Forstrecht<br \/>\u2022 Haftung wegen Umweltsch\u00e4den<\/p>\r\n<p> <br \/><\/p>\r\n<p>Sektoren: <span style=\"color: #0000ee;\"><span style=\"caret-color: #0000ee;\"><a href=\"\/sektoren\/industrie\/\">INDUSTRIE<\/a>, <a href=\"\/sektoren\/energie\/\">ENERGIE<\/a>, <a href=\"\/sektoren\/infrastruktur\/\">INFRASTRUKTUR<\/a><\/span><\/span><\/p>\t\t\t\t\t\t\t<\/div>\r\n\t\t\t\t\t\t\t   \r\n\t\t\t\t\t\t<\/div>\r\n\t\t\t\t\t<\/div>\r\n\t\t\t\t\t\t\t\t\t\t\t\r\n\t\t\t\t<\/div>\r\n\t\t\t\t\t\t\t<div class=\"wpsm_panel panel wpsm_panel-default\" id=\"offset_1204_3\">\r\n\t\t\t\t\t<div class=\"wpsm_panel-heading\" role=\"tab\" id=\"heading_1204_3\">\r\n\t\t\t\t\t\t<h4 class=\"wpsm_panel-title\">\r\n\t\t\t\t\t\t\t<a  role=\"button\" class=collapsed data-toggle=\"collapse\" data-parent=\"#accordion_pro_1204\" href=\"#collapse_1204_3\" aria-expanded=\"true\" aria-controls=\"collapse_1204_3\">\r\n\t\t\t\t\t\t\t\t\t\t\t\t\t\t\t\t\t\t\t\t\t\t\t\t\t\t\t\t<i class=\"fa fa fa-laptop ac_title_icon\"><\/i> \t\t\t\t\t\t\t\tEnergierecht\t\t\t\t\t\t\t\t\r\n\t\t\t\t\t\t\t<\/a>\r\n\t\t\t\t\t\t<\/h4>\r\n\t\t\t\t\t<\/div>\r\n\t\t\t\t\t<div id=\"collapse_1204_3\" class=\"wpsm_panel-collapse collapse \" role=\"tabwpsm_panel\" aria-labelledby=\"heading_1204_3\">\r\n\t\t\t\t\t\t<div class=\"wpsm_panel-body\">\r\n\t\t\t\t\t\t\t<div id=\"#wpsm_acc_desc_1204_3\" class=\"wpsm_panel-body_inner \"><p>Kruhl von Strenge ber\u00e4t Projektentwickler und Investoren im Bereich erneuerbare Energien, einschlie\u00dflich zu allen Fragen nach dem EEG und dem KWKG.<\/p>\r\n<p style=\"border: 0px; margin: 0px; padding: 0px; vertical-align: baseline; outline: 0px; color: #3a3a3a; font-family: Cantarell, sans-serif; font-size: 15px; line-height: 24px; background-position: 0px 0px;\">\u00a0<\/p>\r\n<p>Wir beraten st\u00e4ndig bei der Entwicklung, dem Erwerb und der Ver\u00e4u\u00dferung von Wind- und Solarparks. Hier beraten wir insbesondere zu Planungs- und Genehmigungsfragen. Zudem beraten wir im Zusammenhang mit Offshore-Windparks, Biogasanlagen, KWK-Anlagen sowie Geothermie- und Wasserkraftanlagen.<\/p>\r\n<p style=\"border: 0px; margin: 0px; padding: 0px; vertical-align: baseline; outline: 0px; color: #3a3a3a; font-family: Cantarell, sans-serif; font-size: 15px; line-height: 24px; background-position: 0px 0px;\">\u00a0<\/p>\r\n<p>Im Fokus von Kruhl von Strenge steht auch das allgemeine Energiewirtschaftsrecht. Hier beraten wir h\u00e4ufig im Zusammenhang mit Konzessionsabgaben sowie zu Genehmigungs- und Planungsfragen.<\/p>\r\n<p style=\"border: 0px; margin: 0px; padding: 0px; vertical-align: baseline; outline: 0px; color: #3a3a3a; font-family: Cantarell, sans-serif; font-size: 15px; line-height: 24px; background-position: 0px 0px;\">\u00a0<\/p>\r\n<p><span style=\"color: #3a3a3a;\">Sektoren: <a href=\"\/sektoren\/energie\/\">ENERGIE<\/a><\/span><\/p>\t\t\t\t\t\t\t<\/div>\r\n\t\t\t\t\t\t\t   \r\n\t\t\t\t\t\t<\/div>\r\n\t\t\t\t\t<\/div>\r\n\t\t\t\t\t\t\t\t\t\t\t\r\n\t\t\t\t<\/div>\r\n\t\t\t\t\t\t\t<div class=\"wpsm_panel panel wpsm_panel-default\" id=\"offset_1204_4\">\r\n\t\t\t\t\t<div class=\"wpsm_panel-heading\" role=\"tab\" id=\"heading_1204_4\">\r\n\t\t\t\t\t\t<h4 class=\"wpsm_panel-title\">\r\n\t\t\t\t\t\t\t<a  role=\"button\" class=collapsed data-toggle=\"collapse\" data-parent=\"#accordion_pro_1204\" href=\"#collapse_1204_4\" aria-expanded=\"true\" aria-controls=\"collapse_1204_4\">\r\n\t\t\t\t\t\t\t\t\t\t\t\t\t\t\t\t\t\t\t\t\t\t\t\t\t\t\t\t<i class=\"fa fa fa-laptop ac_title_icon\"><\/i> \t\t\t\t\t\t\t\tInfrastruktur\t\t\t\t\t\t\t\t\r\n\t\t\t\t\t\t\t<\/a>\r\n\t\t\t\t\t\t<\/h4>\r\n\t\t\t\t\t<\/div>\r\n\t\t\t\t\t<div id=\"collapse_1204_4\" class=\"wpsm_panel-collapse collapse \" role=\"tabwpsm_panel\" aria-labelledby=\"heading_1204_4\">\r\n\t\t\t\t\t\t<div class=\"wpsm_panel-body\">\r\n\t\t\t\t\t\t\t<div id=\"#wpsm_acc_desc_1204_4\" class=\"wpsm_panel-body_inner \"><p>Kruhl von Strenge ber\u00e4t st\u00e4ndig zu gro\u00dfen Infrastrukturprojekten, etwa in den Bereichen H\u00e4fen, Autobahnen, Landes- und Kreisstra\u00dfen, Br\u00fccken und Tunnel sowie Breitbandkabel. Wir beraten sowohl zu \u00d6PP-Projekten als auch zu konventionellen Projekten und Privatisierungen.<\/p>\r\n<p style=\"border: 0px; margin: 0px; padding: 0px; vertical-align: baseline; outline: 0px; color: #3a3a3a; font-family: Cantarell, sans-serif; font-size: 15px; line-height: 24px; background-position: 0px 0px;\">\u00a0<\/p>\r\n<p>Aus \u00f6ffentlich-rechtlicher Sicht umfasst unsere Beratung unter anderem das Stra\u00dfenrecht, das Wasser- und Wasserstra\u00dfenrecht sowie hafenrechtliche Fragen. Daneben beraten wir zu allgemeinen \u00f6ffentlich-rechtlichen Fragestellungen, etwa zum Verwaltungs-, Verfassungs-, Umwelt- und Beihilferecht.<\/p>\r\n<p style=\"border: 0px; margin: 0px; padding: 0px; vertical-align: baseline; outline: 0px; color: #3a3a3a; font-family: Cantarell, sans-serif; font-size: 15px; line-height: 24px; background-position: 0px 0px;\">\u00a0<\/p>\r\n<p>Sektoren: <a href=\"\/sektoren\/infrastruktur\/\">INFRASTRUKTUR<\/a>, <a href=\"\/sektoren\/oepp-projekte\/\">\u00d6PP-PROJEKTE<\/a>, <a href=\"\/sektoren\/immobilienwirtschaft\/\">IMMOBILIENWIRTSCHAFT<\/a>, <a href=\"\/sektoren\/energie\/\">ENERGIE<\/a><\/p>\t\t\t\t\t\t\t<\/div>\r\n\t\t\t\t\t\t\t   \r\n\t\t\t\t\t\t<\/div>\r\n\t\t\t\t\t<\/div>\r\n\t\t\t\t\t\t\t\t\t\t\t\r\n\t\t\t\t<\/div>\r\n\t\t\t\t\t\t\t<div class=\"wpsm_panel panel wpsm_panel-default\" id=\"offset_1204_5\">\r\n\t\t\t\t\t<div class=\"wpsm_panel-heading\" role=\"tab\" id=\"heading_1204_5\">\r\n\t\t\t\t\t\t<h4 class=\"wpsm_panel-title\">\r\n\t\t\t\t\t\t\t<a  role=\"button\" class=collapsed data-toggle=\"collapse\" data-parent=\"#accordion_pro_1204\" href=\"#collapse_1204_5\" aria-expanded=\"true\" aria-controls=\"collapse_1204_5\">\r\n\t\t\t\t\t\t\t\t\t\t\t\t\t\t\t\t\t\t\t\t\t\t\t\t\t\t\t\t<i class=\"fa fa fa-laptop ac_title_icon\"><\/i> \t\t\t\t\t\t\t\tFachplanungsrecht\t\t\t\t\t\t\t\t\r\n\t\t\t\t\t\t\t<\/a>\r\n\t\t\t\t\t\t<\/h4>\r\n\t\t\t\t\t<\/div>\r\n\t\t\t\t\t<div id=\"collapse_1204_5\" class=\"wpsm_panel-collapse collapse \" role=\"tabwpsm_panel\" aria-labelledby=\"heading_1204_5\">\r\n\t\t\t\t\t\t<div class=\"wpsm_panel-body\">\r\n\t\t\t\t\t\t\t<div id=\"#wpsm_acc_desc_1204_5\" class=\"wpsm_panel-body_inner \"><p>Kruhl von Strenge ber\u00e4t Unternehmen und die \u00f6ffentliche Hand zu allen Bereichen des Fachplanungsrechts, etwa im Zusammenhang mit Planfeststellungsverfahren nach dem Wasser-, Wasserstra\u00dfen-, Fernstra\u00dfen-, Berg-, Luftverkehrs- und Eisenbahnrecht.<\/p>\r\n<p style=\"border: 0px; margin: 0px; padding: 0px; vertical-align: baseline; outline: 0px; color: #3a3a3a; font-family: Cantarell, sans-serif; font-size: 15px; line-height: 24px; background-position: 0px 0px;\">\u00a0<\/p>\r\n<p>Sektoren:\u00a0<a href=\"\/sektoren\/infrastruktur\/\">INFRASTRUKTUR<\/a>, <a href=\"\/sektoren\/energie\/\">ENERGIE<\/a><\/p>\t\t\t\t\t\t\t<\/div>\r\n\t\t\t\t\t\t\t   \r\n\t\t\t\t\t\t<\/div>\r\n\t\t\t\t\t<\/div>\r\n\t\t\t\t\t\t\t\t\t\t\t\r\n\t\t\t\t<\/div>\r\n\t\t\t\t\t\t\t<div class=\"wpsm_panel panel wpsm_panel-default\" id=\"offset_1204_6\">\r\n\t\t\t\t\t<div class=\"wpsm_panel-heading\" role=\"tab\" id=\"heading_1204_6\">\r\n\t\t\t\t\t\t<h4 class=\"wpsm_panel-title\">\r\n\t\t\t\t\t\t\t<a  role=\"button\" class=collapsed data-toggle=\"collapse\" data-parent=\"#accordion_pro_1204\" href=\"#collapse_1204_6\" aria-expanded=\"true\" aria-controls=\"collapse_1204_6\">\r\n\t\t\t\t\t\t\t\t\t\t\t\t\t\t\t\t\t\t\t\t\t\t\t\t\t\t\t\t<i class=\"fa fa fa-laptop ac_title_icon\"><\/i> \t\t\t\t\t\t\t\tCompliance\t\t\t\t\t\t\t\t\r\n\t\t\t\t\t\t\t<\/a>\r\n\t\t\t\t\t\t<\/h4>\r\n\t\t\t\t\t<\/div>\r\n\t\t\t\t\t<div id=\"collapse_1204_6\" class=\"wpsm_panel-collapse collapse \" role=\"tabwpsm_panel\" aria-labelledby=\"heading_1204_6\">\r\n\t\t\t\t\t\t<div class=\"wpsm_panel-body\">\r\n\t\t\t\t\t\t\t<div id=\"#wpsm_acc_desc_1204_6\" class=\"wpsm_panel-body_inner \"><p>K\u00f6rperschaften des \u00f6ffentlichen Rechts und \u00f6ffentliche Unternehmen unterliegen bei ihrer wirtschaftlichen Bet\u00e4tigung besonderen rechtlichen Anforderungen. Kruhl von Strenge ber\u00e4t in diesem Zusammenhang in allen Fragen des Beihilfe-, Vergabe-, Kommunal- und Haushaltsrechts ebenso wie zur Einhaltung von EU-Kriterien sowie bei transparenz- und sicherheitsrechtlichen Fragen.<\/p>\r\n<p style=\"border: 0px; margin: 0px; padding: 0px; vertical-align: baseline; outline: 0px; color: #3a3a3a; font-family: Cantarell, sans-serif; font-size: 15px; line-height: 24px; background-position: 0px 0px;\">\u00a0<\/p>\r\n<p>Ferner ber\u00e4t Kruhl von Strenge auch private Unternehmen, etwa aus dem Industriesektor, zu Fragen der \u00f6ffentlich-rechtlichen Compliance.<\/p>\r\n<p style=\"border: 0px; margin: 0px; padding: 0px; vertical-align: baseline; outline: 0px; color: #3a3a3a; font-family: Cantarell, sans-serif; font-size: 15px; line-height: 24px; background-position: 0px 0px;\">\u00a0<\/p>\r\n<p>Sektoren:\u00a0<a href=\"\/sektoren\/public-sector\/\">PUBLIC SECTOR<\/a>, <a href=\"\/sektoren\/industrie\/\">INDUSTRIE<\/a><\/p>\t\t\t\t\t\t\t<\/div>\r\n\t\t\t\t\t\t\t   \r\n\t\t\t\t\t\t<\/div>\r\n\t\t\t\t\t<\/div>\r\n\t\t\t\t\t\t\t\t\t\t\t\r\n\t\t\t\t<\/div>\r\n\t\t\t\t\t\t\t<div class=\"wpsm_panel panel wpsm_panel-default\" id=\"offset_1204_7\">\r\n\t\t\t\t\t<div class=\"wpsm_panel-heading\" role=\"tab\" id=\"heading_1204_7\">\r\n\t\t\t\t\t\t<h4 class=\"wpsm_panel-title\">\r\n\t\t\t\t\t\t\t<a  role=\"button\" class=collapsed data-toggle=\"collapse\" data-parent=\"#accordion_pro_1204\" href=\"#collapse_1204_7\" aria-expanded=\"true\" aria-controls=\"collapse_1204_7\">\r\n\t\t\t\t\t\t\t\t\t\t\t\t\t\t\t\t\t\t\t\t\t\t\t\t\t\t\t\t<i class=\"fa fa fa-laptop ac_title_icon\"><\/i> \t\t\t\t\t\t\t\tBergrecht\t\t\t\t\t\t\t\t\r\n\t\t\t\t\t\t\t<\/a>\r\n\t\t\t\t\t\t<\/h4>\r\n\t\t\t\t\t<\/div>\r\n\t\t\t\t\t<div id=\"collapse_1204_7\" class=\"wpsm_panel-collapse collapse \" role=\"tabwpsm_panel\" aria-labelledby=\"heading_1204_7\">\r\n\t\t\t\t\t\t<div class=\"wpsm_panel-body\">\r\n\t\t\t\t\t\t\t<div id=\"#wpsm_acc_desc_1204_7\" class=\"wpsm_panel-body_inner \"><p>Kruhl von Strenge ber\u00e4t h\u00e4ufig zu Bergbauprojekten. Unsere Expertise umfasst die Exploration und F\u00f6rderung von Erdgas, Erd\u00f6l und sonstigen Bodensch\u00e4tzen, die Geothermie sowie die Anlage und Nutzung von Kavernen. Dabei bezieht sich unsere Beratung nicht nur auf spezifisch bergrechtliche Fragen, sondern auch auf andere f\u00fcr Bergbauprojekte relevante Rechtsbereiche wie z.B. Wasser-, Chemikalien- und Umweltrecht.<br style=\"margin-bottom: 0px;\" \/>Wir beraten seit vielen Jahren intensiv zu unkonventionellen Erdgasvorkommen und zum sog. Hydraulic Fracturing (\u201eFracking\u201c).<\/p>\r\n<p style=\"border: 0px; margin: 0px; padding: 0px; vertical-align: baseline; outline: 0px; color: #3a3a3a; font-family: Cantarell, sans-serif; font-size: 15px; line-height: 24px; background-position: 0px 0px;\">\u00a0<\/p>\r\n<p>Sektoren:\u00a0<a href=\"\/sektoren\/energie\/\">ENERGIE<\/a>, <a href=\"\/sektoren\/industrie\/\">INDUSTRIE<\/a><\/p>\t\t\t\t\t\t\t<\/div>\r\n\t\t\t\t\t\t\t   \r\n\t\t\t\t\t\t<\/div>\r\n\t\t\t\t\t<\/div>\r\n\t\t\t\t\t\t\t\t\t\t\t\r\n\t\t\t\t<\/div>\r\n\t\t\t\t\t\t\t<div class=\"wpsm_panel panel wpsm_panel-default\" id=\"offset_1204_8\">\r\n\t\t\t\t\t<div class=\"wpsm_panel-heading\" role=\"tab\" id=\"heading_1204_8\">\r\n\t\t\t\t\t\t<h4 class=\"wpsm_panel-title\">\r\n\t\t\t\t\t\t\t<a  role=\"button\" class=collapsed data-toggle=\"collapse\" data-parent=\"#accordion_pro_1204\" href=\"#collapse_1204_8\" aria-expanded=\"true\" aria-controls=\"collapse_1204_8\">\r\n\t\t\t\t\t\t\t\t\t\t\t\t\t\t\t\t\t\t\t\t\t\t\t\t\t\t\t\t<i class=\"fa fa fa-laptop ac_title_icon\"><\/i> \t\t\t\t\t\t\t\tBeihilfen und Subventionen\t\t\t\t\t\t\t\t\r\n\t\t\t\t\t\t\t<\/a>\r\n\t\t\t\t\t\t<\/h4>\r\n\t\t\t\t\t<\/div>\r\n\t\t\t\t\t<div id=\"collapse_1204_8\" class=\"wpsm_panel-collapse collapse \" role=\"tabwpsm_panel\" aria-labelledby=\"heading_1204_8\">\r\n\t\t\t\t\t\t<div class=\"wpsm_panel-body\">\r\n\t\t\t\t\t\t\t<div id=\"#wpsm_acc_desc_1204_8\" class=\"wpsm_panel-body_inner \"><p>Im EU-Beihilferecht beraten wir Unternehmen und die \u00f6ffentliche Hand. Wir beraten zu beihilfekonformen Strukturierungen und im Zusammenhang mit der Gew\u00e4hrung von Beihilfen. H\u00e4ufig beraten wir zu strukturierten Bieterverfahren, beispielsweise im Zusammenhang mit der Privatisierung von Infrastruktureinrichtungen, dem Verkauf von Grundst\u00fccken sowie der Vergabe von beihilferechtlich relevanten Erbbaurechten und Mietvertr\u00e4gen. Bei Bedarf begleiten wir unsere Mandanten in Verfahren vor der Europ\u00e4ischen Kommission.<\/p>\r\n<p style=\"border: 0px; margin: 0px; padding: 0px; vertical-align: baseline; outline: 0px; color: #3a3a3a; font-family: Cantarell, sans-serif; font-size: 15px; line-height: 24px; background-position: 0px 0px;\">\u00a0<\/p>\r\n<p>Unsere Beratung umfasst auch alle Fragen im Zusammenhang mit der Gew\u00e4hrung von F\u00f6rdermitteln. Insbesondere beraten und vertreten wir vor allem Unternehmen bei der R\u00fcckforderung von Zuwendungen. Zudem pr\u00fcfen wir regelm\u00e4\u00dfige Fragen zu \u00f6ffentlichen F\u00f6rdermitteln im Rahmen von Transaktionen.<\/p>\r\n<p style=\"border: 0px; margin: 0px; padding: 0px; vertical-align: baseline; outline: 0px; color: #3a3a3a; font-family: Cantarell, sans-serif; font-size: 15px; line-height: 24px; background-position: 0px 0px;\">\u00a0<\/p>\r\n<p>Sektoren:\u00a0<a href=\"\/sektoren\/public-sector\/\">PUBLIC SECTOR<\/a>, <a href=\"\/sektoren\/health-care\/\">HEALTH CARE<\/a><\/p>\t\t\t\t\t\t\t<\/div>\r\n\t\t\t\t\t\t\t   \r\n\t\t\t\t\t\t<\/div>\r\n\t\t\t\t\t<\/div>\r\n\t\t\t\t\t\t\t\t\t\t\t\r\n\t\t\t\t<\/div>\r\n\t\t\t\t\t\t\t<div class=\"wpsm_panel panel wpsm_panel-default\" id=\"offset_1204_9\">\r\n\t\t\t\t\t<div class=\"wpsm_panel-heading\" role=\"tab\" id=\"heading_1204_9\">\r\n\t\t\t\t\t\t<h4 class=\"wpsm_panel-title\">\r\n\t\t\t\t\t\t\t<a  role=\"button\" class=collapsed data-toggle=\"collapse\" data-parent=\"#accordion_pro_1204\" href=\"#collapse_1204_9\" aria-expanded=\"true\" aria-controls=\"collapse_1204_9\">\r\n\t\t\t\t\t\t\t\t\t\t\t\t\t\t\t\t\t\t\t\t\t\t\t\t\t\t\t\t<i class=\"fa fa fa-laptop ac_title_icon\"><\/i> \t\t\t\t\t\t\t\t\u00d6ffentlich-rechtliche Due Diligence\t\t\t\t\t\t\t\t\r\n\t\t\t\t\t\t\t<\/a>\r\n\t\t\t\t\t\t<\/h4>\r\n\t\t\t\t\t<\/div>\r\n\t\t\t\t\t<div id=\"collapse_1204_9\" class=\"wpsm_panel-collapse collapse \" role=\"tabwpsm_panel\" aria-labelledby=\"heading_1204_9\">\r\n\t\t\t\t\t\t<div class=\"wpsm_panel-body\">\r\n\t\t\t\t\t\t\t<div id=\"#wpsm_acc_desc_1204_9\" class=\"wpsm_panel-body_inner \"><p>Die \u00f6ffentlich-rechtliche Due Diligence ist eine Kernkompetenz von Kruhl von Strenge.<br \/>Unsere Kompetenz in diesem Bereich wird auch von anderen Rechtsanwaltskanzleien sehr gesch\u00e4tzt, so dass wir h\u00e4ufig um Unterst\u00fctzung bei der \u00f6ffentlich-rechtlichen Due Diligence und \u00f6ffentlich-rechtlichen Transaktionsberatung gebeten werden.<br style=\"margin-bottom: 0px;\" \/>Wir haben bei einer Vielzahl von gro\u00dfen Transaktionen die \u00f6ffentlich-rechtliche Due Diligence durchgef\u00fchrt.<\/p>\r\n<p style=\"border: 0px; margin: 0px; padding: 0px; vertical-align: baseline; outline: 0px; color: #3a3a3a; font-family: Cantarell, sans-serif; font-size: 15px; line-height: 24px; background-position: 0px 0px;\">\u00a0<\/p>\r\n<p>Ferner haben wir gro\u00dfe Erfahrung bei der Gestaltung und Verhandlung \u00f6ffentlich-rechtlicher Klauseln in Kaufvertr\u00e4gen sowie im Zusammenhang mit umweltrechtlichen Post-M&amp;A-Streitigkeiten.<\/p>\r\n<p style=\"border: 0px; margin: 0px; padding: 0px; vertical-align: baseline; outline: 0px; color: #3a3a3a; font-family: Cantarell, sans-serif; font-size: 15px; line-height: 24px; background-position: 0px 0px;\">\u00a0<\/p>\r\n<p>Sektoren:\u00a0<a href=\"\/sektoren\/industrie\/\">INDUSTRIE<\/a>, <a href=\"\/sektoren\/energie\/\">ENERGIE<\/a>, <a href=\"\/sektoren\/infrastruktur\/\">INFRASTUKTUR<\/a><\/p>\t\t\t\t\t\t\t<\/div>\r\n\t\t\t\t\t\t\t   \r\n\t\t\t\t\t\t<\/div>\r\n\t\t\t\t\t<\/div>\r\n\t\t\t\t\t\t\t\t\t\t\t\r\n\t\t\t\t<\/div>\r\n\t\t\t\t\t\t\t<div class=\"wpsm_panel panel wpsm_panel-default\" id=\"offset_1204_10\">\r\n\t\t\t\t\t<div class=\"wpsm_panel-heading\" role=\"tab\" id=\"heading_1204_10\">\r\n\t\t\t\t\t\t<h4 class=\"wpsm_panel-title\">\r\n\t\t\t\t\t\t\t<a  role=\"button\" class=collapsed data-toggle=\"collapse\" data-parent=\"#accordion_pro_1204\" href=\"#collapse_1204_10\" aria-expanded=\"true\" aria-controls=\"collapse_1204_10\">\r\n\t\t\t\t\t\t\t\t\t\t\t\t\t\t\t\t\t\t\t\t\t\t\t\t\t\t\t\t<i class=\"fa fa fa-laptop ac_title_icon\"><\/i> \t\t\t\t\t\t\t\tAbgabenrecht\t\t\t\t\t\t\t\t\r\n\t\t\t\t\t\t\t<\/a>\r\n\t\t\t\t\t\t<\/h4>\r\n\t\t\t\t\t<\/div>\r\n\t\t\t\t\t<div id=\"collapse_1204_10\" class=\"wpsm_panel-collapse collapse \" role=\"tabwpsm_panel\" aria-labelledby=\"heading_1204_10\">\r\n\t\t\t\t\t\t<div class=\"wpsm_panel-body\">\r\n\t\t\t\t\t\t\t<div id=\"#wpsm_acc_desc_1204_10\" class=\"wpsm_panel-body_inner \"><p>Kruhl von Strenge ber\u00e4t bei allen Rechtsfragen im Zusammenhang mit nichtsteuerlichen Abgaben, insbesondere im Geb\u00fchren- und Beitragsrecht unter Einschluss von Umweltabgaben, kommunalen Abgaben, Sanierungsausgleichsbetr\u00e4gen, Erschlie\u00dfungsbeitr\u00e4gen, F\u00f6rderabgaben f\u00fcr die Nutzung von Bodensch\u00e4tzen und Fernstra\u00dfen-Mautgeb\u00fchren.<\/p>\r\n<p style=\"border: 0px; margin: 0px; padding: 0px; vertical-align: baseline; outline: 0px; color: #3a3a3a; font-family: Cantarell, sans-serif; font-size: 15px; line-height: 24px; background-position: 0px 0px;\">\u00a0<\/p>\r\n<p>Sektoren:\u00a0<a href=\"\/sektoren\/public-sector\/\">PUBLIC SECTOR<\/a>, <a href=\"\/sektoren\/oepp-projekte\/\">\u00d6PP-PROJEKTE<\/a>, <a href=\"\/sektoren\/infrastruktur\/\">INFRASTRUKTUR<\/a>, <a href=\"\/sektoren\/telekommunikation-und-medien\/\">TELEKOMMUNIKATION UND MEDIEN<\/a><\/p>\t\t\t\t\t\t\t<\/div>\r\n\t\t\t\t\t\t\t   \r\n\t\t\t\t\t\t<\/div>\r\n\t\t\t\t\t<\/div>\r\n\t\t\t\t\t\t\t\t\t\t\t\r\n\t\t\t\t<\/div>\r\n\t\t\t\t\t\t\t<div class=\"wpsm_panel panel wpsm_panel-default\" id=\"offset_1204_11\">\r\n\t\t\t\t\t<div class=\"wpsm_panel-heading\" role=\"tab\" id=\"heading_1204_11\">\r\n\t\t\t\t\t\t<h4 class=\"wpsm_panel-title\">\r\n\t\t\t\t\t\t\t<a  role=\"button\" class=collapsed data-toggle=\"collapse\" data-parent=\"#accordion_pro_1204\" href=\"#collapse_1204_11\" aria-expanded=\"true\" aria-controls=\"collapse_1204_11\">\r\n\t\t\t\t\t\t\t\t\t\t\t\t\t\t\t\t\t\t\t\t\t\t\t\t\t\t\t\t<i class=\"fa fa fa-laptop ac_title_icon\"><\/i> \t\t\t\t\t\t\t\tWirtschaftsverwaltungsrecht\t\t\t\t\t\t\t\t\r\n\t\t\t\t\t\t\t<\/a>\r\n\t\t\t\t\t\t<\/h4>\r\n\t\t\t\t\t<\/div>\r\n\t\t\t\t\t<div id=\"collapse_1204_11\" class=\"wpsm_panel-collapse collapse \" role=\"tabwpsm_panel\" aria-labelledby=\"heading_1204_11\">\r\n\t\t\t\t\t\t<div class=\"wpsm_panel-body\">\r\n\t\t\t\t\t\t\t<div id=\"#wpsm_acc_desc_1204_11\" class=\"wpsm_panel-body_inner \"><p>Kruhl von Strenge ber\u00e4t seine Mandanten umfassend im Wirtschaftsverwaltungsrecht. Hierzu z\u00e4hlen alle Fragen der Regulierung, einschlie\u00dflich zum<br \/>\u2022 Telekommunikationsrecht<br \/>\u2022 Gewerberecht<br \/>\u2022 Handwerksrecht<br \/>\u2022 Gastst\u00e4ttenrecht<br style=\"margin-bottom: 0px;\" \/>\u2022 Recht der Personenbef\u00f6rderung<\/p>\r\n<p style=\"border: 0px; margin: 0px; padding: 0px; vertical-align: baseline; outline: 0px; color: #3a3a3a; font-family: Cantarell, sans-serif; font-size: 15px; line-height: 24px; background-position: 0px 0px;\">\u00a0<\/p>\r\n<p>Ferner beraten wir an der Schnittstelle zwischen Staat und Wirtschaft, angefangen bei der Gr\u00fcndung oder Umstrukturierung \u00f6ffentlicher Unternehmen, \u00fcber haushaltsrechtliche Fragestellungen bis zur Entgeltgestaltung bei privatrechtlichem Handeln des Staates sowie zum Kommunalrecht.<\/p>\r\n<p style=\"border: 0px; margin: 0px; padding: 0px; vertical-align: baseline; outline: 0px; color: #3a3a3a; font-family: Cantarell, sans-serif; font-size: 15px; line-height: 24px; background-position: 0px 0px;\">\u00a0<\/p>\r\n<p>Im Bereich \u201eHealth Care\u201c beraten wir zur Krankenhausplanung, zur Zulassung\/Konzessionierung von Kliniken sowie zu allen regulatorischen Fragen rund um das Heimrecht und zu berufsrechtlichen Fragen. Besondere Expertise haben wir bei Entwicklungen und Transaktionen im Pflegebereich.<\/p>\r\n<p style=\"border: 0px; margin: 0px; padding: 0px; vertical-align: baseline; outline: 0px; color: #3a3a3a; font-family: Cantarell, sans-serif; font-size: 15px; line-height: 24px; background-position: 0px 0px;\">\u00a0<\/p>\r\n<p>Sektoren:\u00a0<a href=\"\/sektoren\/public-sector\/\">PUBLIC SECTOR<\/a>, <a href=\"\/sektoren\/industrie\/\">INDUSTRIE<\/a>, <a href=\"\/sektoren\/health-care\/\">HEALTH CARE<\/a>, <a href=\"\/sektoren\/telekommunikation-und-medien\/\">TELEKOMMUNIKATION UND MEDIEN<\/a><\/p>\t\t\t\t\t\t\t<\/div>\r\n\t\t\t\t\t\t\t   \r\n\t\t\t\t\t\t<\/div>\r\n\t\t\t\t\t<\/div>\r\n\t\t\t\t\t\t\t\t\t\t\t\r\n\t\t\t\t<\/div>\r\n\t\t\t\t\t\t\t<div class=\"wpsm_panel panel wpsm_panel-default\" id=\"offset_1204_12\">\r\n\t\t\t\t\t<div class=\"wpsm_panel-heading\" role=\"tab\" id=\"heading_1204_12\">\r\n\t\t\t\t\t\t<h4 class=\"wpsm_panel-title\">\r\n\t\t\t\t\t\t\t<a  role=\"button\" class=collapsed data-toggle=\"collapse\" data-parent=\"#accordion_pro_1204\" href=\"#collapse_1204_12\" aria-expanded=\"true\" aria-controls=\"collapse_1204_12\">\r\n\t\t\t\t\t\t\t\t\t\t\t\t\t\t\t\t\t\t\t\t\t\t\t\t\t\t\t\t<i class=\"fa fa fa-laptop ac_title_icon\"><\/i> \t\t\t\t\t\t\t\tPrivatisierungen\t\t\t\t\t\t\t\t\r\n\t\t\t\t\t\t\t<\/a>\r\n\t\t\t\t\t\t<\/h4>\r\n\t\t\t\t\t<\/div>\r\n\t\t\t\t\t<div id=\"collapse_1204_12\" class=\"wpsm_panel-collapse collapse \" role=\"tabwpsm_panel\" aria-labelledby=\"heading_1204_12\">\r\n\t\t\t\t\t\t<div class=\"wpsm_panel-body\">\r\n\t\t\t\t\t\t\t<div id=\"#wpsm_acc_desc_1204_12\" class=\"wpsm_panel-body_inner \"><p>Bei Privatisierungsvorhaben treffen die spezifischen \u00f6ffentlich-rechtlichen Anforderungen mit f\u00fcr Unternehmensverk\u00e4ufe typischen Verkaufsprozessen und Vertragsgestaltungen zusammen. Die Ver\u00e4u\u00dferung staatlichen Verm\u00f6gens erfordert einen haushalts- und beihilferechtskonformen Verkaufsprozess. Oft treten vergaberechtliche Fragen hinzu. Die Beratung von Privatisierungsvorhaben z\u00e4hlt zu den Kernkompetenzen von Kruhl von Strenge.<\/p>\r\n<p style=\"border: 0px; margin: 0px; padding: 0px; vertical-align: baseline; outline: 0px; color: #3a3a3a; font-family: Cantarell, sans-serif; font-size: 15px; line-height: 24px; background-position: 0px 0px;\">\u00a0<\/p>\r\n<p>Sektoren:\u00a0<a href=\"\/sektoren\/immobilienwirtschaft\/\">IMMOBILIENWIRTSCHAFT<\/a>, <a href=\"\/sektoren\/public-sector\/\">PUBLIC SECTOR<\/a>, <a href=\"\/sektoren\/health-care\/\">HEALTH CARE<\/a><\/p>\t\t\t\t\t\t\t<\/div>\r\n\t\t\t\t\t\t\t   \r\n\t\t\t\t\t\t<\/div>\r\n\t\t\t\t\t<\/div>\r\n\t\t\t\t\t\t\t\t\t\t\t\r\n\t\t\t\t<\/div>\r\n\t\t\t\t\r\n<\/div>\r\n\t<\/div>\r\n\t\r\n\t\t\n\n\t\t<\/div> \n\t<\/div> <\/div><\/div><\/div><\/div><\/div><\/div>\n","protected":false},"excerpt":{"rendered":"","protected":false},"author":1,"featured_media":0,"parent":623,"menu_order":1,"comment_status":"closed","ping_status":"closed","template":"full_width.php","meta":[],"yoast_head":"<!-- This site is optimized with the Yoast SEO plugin v20.6 - https:\/\/yoast.com\/wordpress\/plugins\/seo\/ -->\n<title>\u00d6ffentliches Recht - Kruhl von Strenge<\/title>\n<meta name=\"robots\" content=\"index, follow, max-snippet:-1, max-image-preview:large, max-video-preview:-1\" \/>\n<link rel=\"canonical\" href=\"https:\/\/www.kruhlvonstrenge.de\/en\/rechtsgebiete\/oeffentliches-recht\/\" \/>\n<meta property=\"og:locale\" content=\"en_US\" \/>\n<meta property=\"og:type\" content=\"article\" \/>\n<meta property=\"og:title\" content=\"\u00d6ffentliches Recht - Kruhl von Strenge\" \/>\n<meta property=\"og:url\" content=\"https:\/\/www.kruhlvonstrenge.de\/en\/rechtsgebiete\/oeffentliches-recht\/\" \/>\n<meta property=\"og:site_name\" content=\"Kruhl von Strenge\" \/>\n<meta property=\"article:modified_time\" content=\"2019-05-03T10:03:59+00:00\" \/>\n<meta name=\"twitter:card\" content=\"summary_large_image\" \/>\n<meta name=\"twitter:label1\" content=\"Est. reading time\" \/>\n\t<meta name=\"twitter:data1\" content=\"1 minute\" \/>\n<script type=\"application\/ld+json\" class=\"yoast-schema-graph\">{\"@context\":\"https:\/\/schema.org\",\"@graph\":[{\"@type\":\"WebPage\",\"@id\":\"https:\/\/www.kruhlvonstrenge.de\/rechtsgebiete\/oeffentliches-recht\/\",\"url\":\"https:\/\/www.kruhlvonstrenge.de\/rechtsgebiete\/oeffentliches-recht\/\",\"name\":\"\u00d6ffentliches Recht - Kruhl von Strenge\",\"isPartOf\":{\"@id\":\"https:\/\/www.kruhlvonstrenge.de\/#website\"},\"datePublished\":\"2018-10-15T07:29:09+00:00\",\"dateModified\":\"2019-05-03T10:03:59+00:00\",\"breadcrumb\":{\"@id\":\"https:\/\/www.kruhlvonstrenge.de\/rechtsgebiete\/oeffentliches-recht\/#breadcrumb\"},\"inLanguage\":\"en-US\",\"potentialAction\":[{\"@type\":\"ReadAction\",\"target\":[\"https:\/\/www.kruhlvonstrenge.de\/rechtsgebiete\/oeffentliches-recht\/\"]}]},{\"@type\":\"BreadcrumbList\",\"@id\":\"https:\/\/www.kruhlvonstrenge.de\/rechtsgebiete\/oeffentliches-recht\/#breadcrumb\",\"itemListElement\":[{\"@type\":\"ListItem\",\"position\":1,\"name\":\"Startseite\",\"item\":\"https:\/\/www.kruhlvonstrenge.de\/\"},{\"@type\":\"ListItem\",\"position\":2,\"name\":\"Rechtsgebiete\",\"item\":\"https:\/\/www.kruhlvonstrenge.de\/rechtsgebiete\/\"},{\"@type\":\"ListItem\",\"position\":3,\"name\":\"\u00d6ffentliches Recht\"}]},{\"@type\":\"WebSite\",\"@id\":\"https:\/\/www.kruhlvonstrenge.de\/#website\",\"url\":\"https:\/\/www.kruhlvonstrenge.de\/\",\"name\":\"Kruhl von Strenge\",\"description\":\"Rechtsanw\u00e4lte\",\"potentialAction\":[{\"@type\":\"SearchAction\",\"target\":{\"@type\":\"EntryPoint\",\"urlTemplate\":\"https:\/\/www.kruhlvonstrenge.de\/?s={search_term_string}\"},\"query-input\":\"required name=search_term_string\"}],\"inLanguage\":\"en-US\"}]}<\/script>\n<!-- \/ Yoast SEO plugin. -->","yoast_head_json":{"title":"\u00d6ffentliches Recht - Kruhl von Strenge","robots":{"index":"index","follow":"follow","max-snippet":"max-snippet:-1","max-image-preview":"max-image-preview:large","max-video-preview":"max-video-preview:-1"},"canonical":"https:\/\/www.kruhlvonstrenge.de\/en\/rechtsgebiete\/oeffentliches-recht\/","og_locale":"en_US","og_type":"article","og_title":"\u00d6ffentliches Recht - Kruhl von Strenge","og_url":"https:\/\/www.kruhlvonstrenge.de\/en\/rechtsgebiete\/oeffentliches-recht\/","og_site_name":"Kruhl von Strenge","article_modified_time":"2019-05-03T10:03:59+00:00","twitter_card":"summary_large_image","twitter_misc":{"Est. reading time":"1 minute"},"schema":{"@context":"https:\/\/schema.org","@graph":[{"@type":"WebPage","@id":"https:\/\/www.kruhlvonstrenge.de\/rechtsgebiete\/oeffentliches-recht\/","url":"https:\/\/www.kruhlvonstrenge.de\/rechtsgebiete\/oeffentliches-recht\/","name":"\u00d6ffentliches Recht - Kruhl von Strenge","isPartOf":{"@id":"https:\/\/www.kruhlvonstrenge.de\/#website"},"datePublished":"2018-10-15T07:29:09+00:00","dateModified":"2019-05-03T10:03:59+00:00","breadcrumb":{"@id":"https:\/\/www.kruhlvonstrenge.de\/rechtsgebiete\/oeffentliches-recht\/#breadcrumb"},"inLanguage":"en-US","potentialAction":[{"@type":"ReadAction","target":["https:\/\/www.kruhlvonstrenge.de\/rechtsgebiete\/oeffentliches-recht\/"]}]},{"@type":"BreadcrumbList","@id":"https:\/\/www.kruhlvonstrenge.de\/rechtsgebiete\/oeffentliches-recht\/#breadcrumb","itemListElement":[{"@type":"ListItem","position":1,"name":"Startseite","item":"https:\/\/www.kruhlvonstrenge.de\/"},{"@type":"ListItem","position":2,"name":"Rechtsgebiete","item":"https:\/\/www.kruhlvonstrenge.de\/rechtsgebiete\/"},{"@type":"ListItem","position":3,"name":"\u00d6ffentliches Recht"}]},{"@type":"WebSite","@id":"https:\/\/www.kruhlvonstrenge.de\/#website","url":"https:\/\/www.kruhlvonstrenge.de\/","name":"Kruhl von Strenge ensures legal security for your project success","description":"Rechtsanw\u00e4lte","potentialAction":[{"@type":"SearchAction","target":{"@type":"EntryPoint","urlTemplate":"https:\/\/www.kruhlvonstrenge.de\/?s={search_term_string}"},"query-input":"required name=search_term_string"}],"inLanguage":"en-US"}]}},"_links":{"self":[{"href":"https:\/\/www.kruhlvonstrenge.de\/en\/wp-json\/wp\/v2\/pages\/785"}],"collection":[{"href":"https:\/\/www.kruhlvonstrenge.de\/en\/wp-json\/wp\/v2\/pages"}],"about":[{"href":"https:\/\/www.kruhlvonstrenge.de\/en\/wp-json\/wp\/v2\/types\/page"}],"author":[{"embeddable":true,"href":"https:\/\/www.kruhlvonstrenge.de\/en\/wp-json\/wp\/v2\/users\/1"}],"replies":[{"embeddable":true,"href":"https:\/\/www.kruhlvonstrenge.de\/en\/wp-json\/wp\/v2\/comments?post=785"}],"version-history":[{"count":16,"href":"https:\/\/www.kruhlvonstrenge.de\/en\/wp-json\/wp\/v2\/pages\/785\/revisions"}],"predecessor-version":[{"id":1583,"href":"https:\/\/www.kruhlvonstrenge.de\/en\/wp-json\/wp\/v2\/pages\/785\/revisions\/1583"}],"up":[{"embeddable":true,"href":"https:\/\/www.kruhlvonstrenge.de\/en\/wp-json\/wp\/v2\/pages\/623"}],"wp:attachment":[{"href":"https:\/\/www.kruhlvonstrenge.de\/en\/wp-json\/wp\/v2\/media?parent=785"}],"curies":[{"name":"wp","href":"https:\/\/api.w.org\/{rel}","templated":true}]}}